{"id":2796,"date":"2017-06-07T00:18:17","date_gmt":"2017-06-07T00:18:17","guid":{"rendered":"https:\/\/delcetino.eu\/del-cetino-gold-award-new-york\/"},"modified":"2019-08-29T12:19:22","modified_gmt":"2019-08-29T12:19:22","slug":"del-cetino-gold-award-new-york","status":"publish","type":"page","link":"https:\/\/delcetino.eu\/fr\/del-cetino-gold-award-new-york\/","title":{"rendered":"Del Cetino Gold Award New York"},"content":{"rendered":"<style type=\"text\/css\" scoped=\"scoped\">#g1-section-1.g1-section {background-repeat:no-repeat; background-position:left top; background-attachment:static;}<\/style><div id=\"g1-section-1\" class=\"g1-section \"><div class=\"g1-layout-inner\">\n<div id=\"g1-box-counter-1\" class=\"g1-box g1-box--simple  g1-box--noicon\" ><div class=\"g1-box__inner\">\n<div style=\"margin: 0px 20px; text-align: center;\">\r\n<h2 style=\"text-align: center;\"><img decoding=\"async\" class=\"aligncenter size-full wp-image-2536\" src=\"https:\/\/delcetino.eu\/wp-content\/uploads\/2019\/08\/del-cetino-gold-award-no-title.png\" alt=\"del cetino gold award 2019\" width=\"200\" height=\"auto\" \/><br \/>DE NEW YORK INTERNATIONAL OLIVE OIL COMPETICION (NYIOOC)<\/h2>\r\n<\/div>\r\n<p>&nbsp;<\/p>\r\n<div style=\"margin: 0 20px;\"><img loading=\"lazy\" decoding=\"async\" class=\"aligncenter size-full wp-image-2540\" src=\"https:\/\/delcetino.eu\/wp-content\/uploads\/2019\/08\/del-cetino-ga-2019-picual.gif\" alt=\"del cetino gold award 2019 Picual\" width=\"756\" height=\"506\" \/><\/div>\r\n<p>&nbsp;<\/p>\n<\/div><\/div>\n<div id=\"g1-box-counter-2\" class=\"g1-box g1-box--simple  g1-box--noicon\" ><div class=\"g1-box__inner\">\n<div style=\"margin: 0px 20px; text-align: center;\">\r\n<h2 style=\"text-align: center;\"><img decoding=\"async\" class=\"aligncenter size-full wp-image-2536\" src=\"https:\/\/delcetino.eu\/wp-content\/uploads\/2019\/08\/del-cetino-gold-award-no-title.png\" alt=\"del cetino gold award 2019\" width=\"200\" height=\"auto\" \/><br \/>DE NEW YORK INTERNATIONAL OLIVE OIL COMPETICION (NYIOOC)<\/h2>\r\n<\/div>\r\n&nbsp;\r\n<div style=\"margin: 0 20px;\"><img loading=\"lazy\" decoding=\"async\" class=\"aligncenter size-full wp-image-2540\" src=\"https:\/\/delcetino.eu\/wp-content\/uploads\/2019\/08\/del-cetino-ga-2019-arbequina.gif\" alt=\"del cetino gold award 2019 Arbequina\" width=\"756\" height=\"506\" \/><\/div>\r\n&nbsp;\n<\/div><\/div>\n<div id=\"g1-box-counter-3\" class=\"g1-box g1-box--simple  g1-box--noicon\" ><div class=\"g1-box__inner\">\n<p>&nbsp;<\/p>\n<h2 style=\"text-align: center;\"><img loading=\"lazy\" decoding=\"async\" class=\"aligncenter size-full wp-image-2536\" src=\"https:\/\/delcetino.eu\/wp-content\/uploads\/2017\/06\/golden-award-del-cetino-label.png\" alt=\"del cetino gold award\" width=\"200\" height=\"200\" srcset=\"https:\/\/delcetino.eu\/wp-content\/uploads\/2017\/06\/golden-award-del-cetino-label.png 200w, https:\/\/delcetino.eu\/wp-content\/uploads\/2017\/06\/golden-award-del-cetino-label-100x100.png 100w, https:\/\/delcetino.eu\/wp-content\/uploads\/2017\/06\/golden-award-del-cetino-label-150x150.png 150w, https:\/\/delcetino.eu\/wp-content\/uploads\/2017\/06\/golden-award-del-cetino-label-55x55.png 55w\" sizes=\"auto, (max-width: 200px) 100vw, 200px\" \/>DE NEW YORK INTERNATIONAL OLIVE OIL COMPETICION (NYIOOC)<br \/>\nET SENS DU \u2018PRIX D&#8217;OR\u2019 POUR DEL CETINO.<\/h2>\n<p>&nbsp;<\/p>\n<p style=\"text-align: center;\">La comp\u00e9tition internationale \u00e0 New York \u00e9value la qualit\u00e9 de l&#8217;huile d&#8217;olive et est reconnue comme \u00e9tant la plus grande et la plus importante du genre.<br \/>\n<a href=\"https:\/\/www.oliveoiltimes.com\/reviews-opinions\/extra-virgin-olive-oil-competitions\/5th-nyiooc-will-biggest-yet\/54997\" target=\"_blank\" rel=\"noopener noreferrer\">Lien<\/a><\/p>\n<p style=\"text-align: center;\">Elle est organis\u00e9e par OLIVE OIL TIMES, un magazine am\u00e9ricain sp\u00e9cialis\u00e9 dans le monde de l&#8217;huile d&#8217;olive (comparable \u00e0 Wine Spectator).<br \/>\n<a href=\"https:\/\/www.oliveoiltimes.com\" target=\"_blank\" rel=\"noopener noreferrer\">Lien<br \/>\n<\/a><br \/>\nL\u2019attention croissante dans le monde entier pour l\u2019huile d\u2019olive, a conduit \u00e0 une multiplication des comp\u00e9titions locales, nationales et internationales.<\/p>\n<p style=\"text-align: center;\">Lien Le NYIOOC est la r\u00e9f\u00e9rence internationale incontest\u00e9e de s\u00e9rieux, de qualit\u00e9 et de stabilit\u00e9 dans ce foisonnement de comp\u00e9titions.<br \/>\n<a href=\"https:\/\/www.bestoliveoils.com\/about\" target=\"_blank\" rel=\"noopener noreferrer\">Lien<\/a><\/p>\n<p style=\"text-align: center;\">L\u2019\u00e9dition de 2017 \u00e9tait la cinqui\u00e8me comp\u00e9tition reprenant des producteurs venant de 27 pays et un total de 910 participants. Un jury d\u2019experts est compos\u00e9 de 15 d\u00e9gustateurs professionnels reconnus venant de France, Italie, Espagne, \u00c9tats-Unis, Japon, Gr\u00e8ce, Australie, Chili, Turquie et Tunisie.<br \/>\n<a href=\"https:\/\/www.oliveoiltimes.com\/olive-oil-basics\/expert-tasters-japan-australia-u-s-chosen-lead-5th-nyiooc\/55763\" target=\"_blank\" rel=\"noopener noreferrer\">Lien<\/a><\/p>\n<p style=\"text-align: center;\">Ces juges ont pour mission de s\u00e9lectionner les participants qui r\u00e9pondent aux normes les plus \u00e9lev\u00e9es de qualit\u00e9 des huiles d\u2019olive. En fonction des diff\u00e9rents secteurs de production (h\u00e9misph\u00e8res Sud et Nord), les modes de production (organique ou int\u00e9gral),les vari\u00e9t\u00e9s (mono vari\u00e9t\u00e9s et m\u00e9langes) et l\u2019intensit\u00e9 des saveurs diff\u00e9rentes (\u2018d\u00e9licate\u2019, \u2018moyenne\u2019 et \u2018robuste\u2019), on diff\u00e9rencie les cat\u00e9gories.Parmi les producteurs gagnants, on distingue le meilleur de la classe, les m\u00e9dailles d\u2019Or et \u00a0les m\u00e9dailles d\u2019Argent. L\u2019\u00e9valuation est, avant tout, une appr\u00e9ciation de la qualit\u00e9 du produit.\u00a0(<a href=\"https:\/\/www.bestoliveoils.com\/\" target=\"_blank\" rel=\"noopener noreferrer\">www.bestoliveoils.com<\/a>)<\/p>\n<p style=\"text-align: center;\">Ainsi que dix autres producteurs, DEL \u00a0CETINO \u00a0PICUAL a remport\u00e9 la plus haute distinction dans sa cat\u00e9gorie (PICUAL, moyenne) : la m\u00e9daille d\u2019Or. Les producteurs gagnants seront mis en vedette dans un ouvrage intitul\u00e9 \u00a0\u2018Les meilleures huiles d\u2019olive dans le monde\u2019 qui sera distribu\u00e9 dans tous les continents.<\/p>\n<p style=\"text-align: center;\">La haute r\u00e9compense et la reconnaissance internationale accord\u00e9e \u00e0 DEL CETINO est absolument exceptionnelle et importante. Non seulement parce que la production de l\u2019huile Picual en Espagne est consid\u00e9rable et donc la concurrence interne est tr\u00e8s grande, mais aussi parce que jusqu&#8217;\u00e0 aujourd\u2019hui, les principaux prix allaient aux producteurs renomm\u00e9s et prestigieux. En d&#8217;autres termes, nous devons en \u00eatre fiers!<\/p>\n<p>&nbsp;<\/p>\n<div style=\"margin: 0 20px;\"><img loading=\"lazy\" decoding=\"async\" class=\"aligncenter size-full wp-image-2540\" src=\"https:\/\/delcetino.eu\/wp-content\/uploads\/2017\/06\/BestOliveOil-NYIOOC.gif\" alt=\"del cetino gold award\" width=\"756\" height=\"506\" \/><\/div>\n<p>&nbsp;<\/p>\n<\/div><\/div>\n<span id=\"g1-space-1\" class=\"g1-space \" style=\"height:30px;\"><\/span>\n<h2 class=\"g1-h1\" style=\"text-align: center;\">DEL CETINO: UNE L\u2019HUILE D\u2019OLIVE EXTRA VIERGE AUTHENTIQUE RETROUVER LE PASSE DANS VOS PLATS 3 VARIETES D\u2019UN PRODUIT PUR D\u2019ESPAGNE:<\/h2>\n<span id=\"g1-space-2\" class=\"g1-space \" style=\"height:30px;\"><\/span>\n<ul class=\"g1-grid\"><li class=\"g1-column g1-one-third g1-valign-top\">\r\n<h2>Arbequina<\/h2>\r\n<p><img loading=\"lazy\" decoding=\"async\" class=\"aligncenter size-full wp-image-2124\" src=\"https:\/\/delcetino.eu\/wp-content\/uploads\/2014\/08\/del-cetino-03.jpg\" alt=\"del-cetino-arbequina\" width=\"290\" height=\"197\" srcset=\"https:\/\/delcetino.eu\/wp-content\/uploads\/2014\/08\/del-cetino-03.jpg 290w, https:\/\/delcetino.eu\/wp-content\/uploads\/2014\/08\/del-cetino-03-239x162.jpg 239w\" sizes=\"auto, (max-width: 290px) 100vw, 290px\" \/><\/p>\r\n<p>L'huile des chefs \u00e9toil\u00e9s, avec une saveur douce et un ar\u00f4me clairement prononc\u00e9.<\/p>\r\n<p> Parfait pour un poisson grill\u00e9, une laitue fra\u00eeche ou dans une pur\u00e9e savoureuse \u00e0 la place du beurre.<\/p>\r\n<h2>Caract\u00e9ristiques<\/h2>\r\n<p>Le fruit de la vari\u00e9t\u00e9  \u2018Arbequina\u2019 est petit et oval. La p\u00e9riode de r\u00e9colte commence dans notre r\u00e9gion \u00e0 partir de fin septembre. Sa caract\u00e9ristique est son niveau \u00e9lev\u00e9 d\u2019acide linol\u00e9ique. C\u2019est ce qui explique la densit\u00e9 typique et fruit\u00e9e de l\u2019huile et lui donne son caract\u00e8re sp\u00e9cifique \u2018beurr\u00e9\u2019.<\/p> \r\n<p>Par ailleurs, cette l\u2019huile est tr\u00e8s sensible \u00e0 l\u2019oxydation, ce qui signifie que sa dur\u00e9e de vie est plus courte qu\u2019avec d\u2019autres vari\u00e9t\u00e9s. Donc, certainement ne pas la ranger mais en profiter!<\/p>\r\n<p>Il est pr\u00e9f\u00e9rable d\u2019utiliser cette huile dans les pr\u00e9parations \u00e0 froid en raison des substances aromatiques qui sont tr\u00e8s volatiles.<\/p><br \/>\r\n<h2>Emballage<\/h2>\r\n<p>25 cl Verre sombre<br \/> 50 cl Verre sombre <br \/> 3L Baginbox<br \/> Bo\u00eete de luxe (3x 25cl ou 1x 50cl)<\/p>\r\n<p style=\"text-align:center\"><a href=\"https:\/\/delcetino.eu\/fr\/product\/huile-dolive-extra-vierge-variete-arbequina\/\"><button type=\"button\" style=\"background-color: #4CAF50\">Acheter Arbequina<\/button><\/a><\/p>\r\n<\/li><!-- --> \r\n<li class=\"g1-column g1-one-third g1-valign-top\">\r\n<h2>Picual<\/h2>\r\n<p><img loading=\"lazy\" decoding=\"async\" class=\"aligncenter size-full wp-image-2126\" src=\"https:\/\/delcetino.eu\/wp-content\/uploads\/2014\/08\/del-cetino-01.jpg\" alt=\"del-cetino-picual\" width=\"290\" height=\"197\" srcset=\"https:\/\/delcetino.eu\/wp-content\/uploads\/2014\/08\/del-cetino-01.jpg 290w, https:\/\/delcetino.eu\/wp-content\/uploads\/2014\/08\/del-cetino-01-239x162.jpg 239w\" sizes=\"auto, (max-width: 290px) 100vw, 290px\" \/><\/p>\r\n<p>Une huile tr\u00e8s accessible avec une saveur fruit\u00e9e et un intense parfum d\u2019herbe fra\u00eechement coup\u00e9e. Id\u00e9ale pour accompagner parfaitement les pr\u00e9parations froides et chaudes!<\/p><br \/>\r\n<h2>Caract\u00e9ristiques<\/h2>\r\n<p>L\u2019olive Picual a une taille moyenne et p\u00e8se environ 3,2 gr.<\/p>\r\n<p>Tr\u00e8s typique est sa petite pointe dans la partie inf\u00e9rieure de l\u2019olive, \u2018el pico\u2019.  La r\u00e9colte commence \u00e0 la mi-octobre.  \r\n<\/p>\r\n<p>De olie bevat een zeer hoog gehalte aan onverzadigde oliezuren en slechts een zeer beperkt percentage linolzuur.<\/p>\r\n<p>L\u2019huile contient une teneur \u00e9lev\u00e9e en acides gras insatur\u00e9s et seulement un pourcentage tr\u00e8s limit\u00e9 d\u2019acide linol\u00e9ique.<\/p>\r\n<p>Elle convient pour la friture, la cuisson, les salades et le gazpacho, le potage typique espagnol.<\/p>\r\n\r\n<h2>Emballage<\/h2>\r\n<p>25 cl Verre sombre<br \/> 50 cl Verre sombre <br \/> 3L Baginbox<br \/> Bo\u00eete de luxe (3x 25cl ou 1x 50cl)<\/p>\r\n<p style=\"text-align:center\"><a href=\"https:\/\/delcetino.eu\/fr\/product\/huile-dolive-extra-vierge-variete-picual\/\"><button type=\"button\" style=\"background-color: #4CAF50\">Acheter Picual<\/button><\/a><\/p>\r\n<\/li><!-- --> \r\n<li class=\"g1-column g1-one-third g1-valign-top\">\r\n<h2>Verdial<\/h2>\r\n<p><img loading=\"lazy\" decoding=\"async\" class=\"aligncenter size-full wp-image-2125\" src=\"https:\/\/delcetino.eu\/wp-content\/uploads\/2014\/08\/del-cetino-02.jpg\" alt=\"del-cetino-02\" width=\"290\" height=\"197\" srcset=\"https:\/\/delcetino.eu\/wp-content\/uploads\/2014\/08\/del-cetino-02.jpg 290w, https:\/\/delcetino.eu\/wp-content\/uploads\/2014\/08\/del-cetino-02-239x162.jpg 239w\" sizes=\"auto, (max-width: 290px) 100vw, 290px\" \/><\/p>\r\n<p>Cette huile \u00e9pic\u00e9e issue des olives vertes, \u2018verde\u2019, a un go\u00fbt l\u00e9g\u00e8rement amer et fait de chaque salade une f\u00eate m\u00e9diterran\u00e9enne.<\/p><br \/><br \/><br \/>\r\n<h2>Caract\u00e9ristiques<\/h2>\r\n<p>L'olive Verdial est de forme ronde et p\u00e8se environ 5,7 grammes. Cette une vari\u00e9t\u00e9 locale de la province de Huelva (\u00e0 l'extr\u00eame ouest de l'Andalousie). La p\u00e9riode de r\u00e9colte id\u00e9ale commence \u00e0 partir de la fin novembre..<\/p>\r\n<p>Une des caract\u00e9ristiques du fruit est sa coque dure et son contenu d\u2019acide linol\u00e9ique plus \u00e9lev\u00e9 dans l'huile.<\/p>\r\n<p>Ce type d\u2019olives est g\u00e9n\u00e9ralement trait\u00e9s comme des olives de table. Nous produisons une huile surprenante qui laisse les connaisseurs espagnols et les chefs sans voix: douce, tr\u00e8s fruit\u00e9e avec une l\u00e9g\u00e8re pointe d'amertume. Parfaite pour les plats aussi bien chauds que froids.\r\n<\/p><br \/>\r\n\r\n<h2>Emballage<\/h2>\r\n<p>25 cl Verre sombre<br \/> 50 cl Verre sombre <br \/> 3L Baginbox<br \/> Bo\u00eete de luxe (3x 25cl ou 1x 50cl)<\/p>\r\n<p style=\"text-align:center\"><a href=\"https:\/\/delcetino.eu\/fr\/product\/huile-dolive-extra-vierge-variete-verdial\/\"><button type=\"button\" style=\"background-color: #4CAF50\">Acheter Verdial<\/button><\/a><\/p>\r\n<\/li><!-- --><\/ul>\n<span id=\"g1-space-3\" class=\"g1-space \" style=\"height:30px;\"><\/span>\n<div id=\"g1-box-counter-4\" class=\"g1-box g1-box--simple  g1-box--noicon\" ><div class=\"g1-box__inner\">\n<ul class=\"g1-grid\"><li class=\"g1-column g1-two-third g1-valign-middle\">\n<h2>Devenir distributeur<\/h2>\n<\/li><!-- -->\n<li class=\"g1-column g1-one-third g1-valign-middle\">\n<a id=\"g1-button-1\" class=\"g1-button g1-button--big g1-button--solid g1-button--wide \" href=\"\/del-cetino-dealer\/\" >Contact<\/a>\n<\/li><!-- --><\/ul>\n<\/div><\/div>\n<\/div><\/div>\n","protected":false},"excerpt":{"rendered":"","protected":false},"author":1,"featured_media":0,"parent":0,"menu_order":70,"comment_status":"closed","ping_status":"closed","template":"g1_template_page_full_sections.php","meta":{"footnotes":""},"class_list":["post-2796","page","type-page","status-publish"],"yoast_head":"<!-- This site is optimized with the Yoast SEO plugin v21.7 - https:\/\/yoast.com\/wordpress\/plugins\/seo\/ -->\n<title>Del Cetino Gold Award New-York<\/title>\n<meta name=\"robots\" content=\"index, follow, max-snippet:-1, max-image-preview:large, max-video-preview:-1\" \/>\n<link rel=\"canonical\" href=\"https:\/\/delcetino.eu\/fr\/del-cetino-gold-award-new-york\/\" \/>\n<meta property=\"og:locale\" content=\"fr_FR\" \/>\n<meta property=\"og:type\" content=\"article\" \/>\n<meta property=\"og:title\" content=\"Del Cetino Gold Award New-York\" \/>\n<meta property=\"og:url\" content=\"https:\/\/delcetino.eu\/fr\/del-cetino-gold-award-new-york\/\" \/>\n<meta property=\"og:site_name\" content=\"Del Cetino Olijfolie\" \/>\n<meta property=\"article:modified_time\" content=\"2019-08-29T12:19:22+00:00\" \/>\n<meta property=\"og:image\" content=\"https:\/\/delcetino.eu\/wp-content\/uploads\/2017\/06\/golden-award-del-cetino-label.png\" \/>\n<meta name=\"twitter:label1\" content=\"Dur\u00e9e de lecture estim\u00e9e\" \/>\n\t<meta name=\"twitter:data1\" content=\"2 minutes\" \/>\n<script type=\"application\/ld+json\" class=\"yoast-schema-graph\">{\"@context\":\"https:\/\/schema.org\",\"@graph\":[{\"@type\":\"WebPage\",\"@id\":\"https:\/\/delcetino.eu\/fr\/del-cetino-gold-award-new-york\/\",\"url\":\"https:\/\/delcetino.eu\/fr\/del-cetino-gold-award-new-york\/\",\"name\":\"Del Cetino Gold Award New-York\",\"isPartOf\":{\"@id\":\"https:\/\/delcetino.eu\/en\/#website\"},\"datePublished\":\"2017-06-07T00:18:17+00:00\",\"dateModified\":\"2019-08-29T12:19:22+00:00\",\"breadcrumb\":{\"@id\":\"https:\/\/delcetino.eu\/fr\/del-cetino-gold-award-new-york\/#breadcrumb\"},\"inLanguage\":\"fr-FR\",\"potentialAction\":[{\"@type\":\"ReadAction\",\"target\":[\"https:\/\/delcetino.eu\/fr\/del-cetino-gold-award-new-york\/\"]}]},{\"@type\":\"BreadcrumbList\",\"@id\":\"https:\/\/delcetino.eu\/fr\/del-cetino-gold-award-new-york\/#breadcrumb\",\"itemListElement\":[{\"@type\":\"ListItem\",\"position\":1,\"name\":\"Del Cetino\",\"item\":\"https:\/\/delcetino.eu\/fr\/\"},{\"@type\":\"ListItem\",\"position\":2,\"name\":\"Del Cetino Gold Award New York\"}]},{\"@type\":\"WebSite\",\"@id\":\"https:\/\/delcetino.eu\/en\/#website\",\"url\":\"https:\/\/delcetino.eu\/en\/\",\"name\":\"Del Cetino Olijfolie\",\"description\":\"Authentieke Olijfolie uit Spanje\",\"potentialAction\":[{\"@type\":\"SearchAction\",\"target\":{\"@type\":\"EntryPoint\",\"urlTemplate\":\"https:\/\/delcetino.eu\/en\/?s={search_term_string}\"},\"query-input\":\"required name=search_term_string\"}],\"inLanguage\":\"fr-FR\"}]}<\/script>\n<!-- \/ Yoast SEO plugin. -->","yoast_head_json":{"title":"Del Cetino Gold Award New-York","robots":{"index":"index","follow":"follow","max-snippet":"max-snippet:-1","max-image-preview":"max-image-preview:large","max-video-preview":"max-video-preview:-1"},"canonical":"https:\/\/delcetino.eu\/fr\/del-cetino-gold-award-new-york\/","og_locale":"fr_FR","og_type":"article","og_title":"Del Cetino Gold Award New-York","og_url":"https:\/\/delcetino.eu\/fr\/del-cetino-gold-award-new-york\/","og_site_name":"Del Cetino Olijfolie","article_modified_time":"2019-08-29T12:19:22+00:00","og_image":[{"url":"https:\/\/delcetino.eu\/wp-content\/uploads\/2017\/06\/golden-award-del-cetino-label.png"}],"twitter_misc":{"Dur\u00e9e de lecture estim\u00e9e":"2 minutes"},"schema":{"@context":"https:\/\/schema.org","@graph":[{"@type":"WebPage","@id":"https:\/\/delcetino.eu\/fr\/del-cetino-gold-award-new-york\/","url":"https:\/\/delcetino.eu\/fr\/del-cetino-gold-award-new-york\/","name":"Del Cetino Gold Award New-York","isPartOf":{"@id":"https:\/\/delcetino.eu\/en\/#website"},"datePublished":"2017-06-07T00:18:17+00:00","dateModified":"2019-08-29T12:19:22+00:00","breadcrumb":{"@id":"https:\/\/delcetino.eu\/fr\/del-cetino-gold-award-new-york\/#breadcrumb"},"inLanguage":"fr-FR","potentialAction":[{"@type":"ReadAction","target":["https:\/\/delcetino.eu\/fr\/del-cetino-gold-award-new-york\/"]}]},{"@type":"BreadcrumbList","@id":"https:\/\/delcetino.eu\/fr\/del-cetino-gold-award-new-york\/#breadcrumb","itemListElement":[{"@type":"ListItem","position":1,"name":"Del Cetino","item":"https:\/\/delcetino.eu\/fr\/"},{"@type":"ListItem","position":2,"name":"Del Cetino Gold Award New York"}]},{"@type":"WebSite","@id":"https:\/\/delcetino.eu\/en\/#website","url":"https:\/\/delcetino.eu\/en\/","name":"Del Cetino Olijfolie","description":"Authentieke Olijfolie uit Spanje","potentialAction":[{"@type":"SearchAction","target":{"@type":"EntryPoint","urlTemplate":"https:\/\/delcetino.eu\/en\/?s={search_term_string}"},"query-input":"required name=search_term_string"}],"inLanguage":"fr-FR"}]}},"_links":{"self":[{"href":"https:\/\/delcetino.eu\/fr\/wp-json\/wp\/v2\/pages\/2796","targetHints":{"allow":["GET"]}}],"collection":[{"href":"https:\/\/delcetino.eu\/fr\/wp-json\/wp\/v2\/pages"}],"about":[{"href":"https:\/\/delcetino.eu\/fr\/wp-json\/wp\/v2\/types\/page"}],"author":[{"embeddable":true,"href":"https:\/\/delcetino.eu\/fr\/wp-json\/wp\/v2\/users\/1"}],"replies":[{"embeddable":true,"href":"https:\/\/delcetino.eu\/fr\/wp-json\/wp\/v2\/comments?post=2796"}],"version-history":[{"count":0,"href":"https:\/\/delcetino.eu\/fr\/wp-json\/wp\/v2\/pages\/2796\/revisions"}],"wp:attachment":[{"href":"https:\/\/delcetino.eu\/fr\/wp-json\/wp\/v2\/media?parent=2796"}],"curies":[{"name":"wp","href":"https:\/\/api.w.org\/{rel}","templated":true}]}}